{"id":6606,"date":"2026-02-13T16:22:26","date_gmt":"2026-02-13T15:22:26","guid":{"rendered":"https:\/\/www.immanuel.se\/ko\/equmenia-immanuel-stockholm\/"},"modified":"2026-02-13T16:22:25","modified_gmt":"2026-02-13T15:22:25","slug":"equmenia-immanuel-stockholm","status":"publish","type":"page","link":"https:\/\/www.immanuel.se\/ko\/equmenia-immanuel-stockholm\/","title":{"rendered":"Equmenia Immanuel Stockholm"},"content":{"rendered":"\n<section class=\"wp-block-bm-hero alignfull hero section has-figure has-figure-image theme-light\"><figure class=\"media-object is-image is-fitted hero-figure\"><img decoding=\"async\" src=\"https:\/\/www.immanuel.se\/en\/wp-content\/uploads\/sites\/2\/2026\/02\/Equmenia-IMMANUEL-STHLM@1x.png\" alt=\"\" class=\"media-object-image wp-image-22836 hero-figure-source\" style=\"object-position:50% 50%\" \/><\/figure><div class=\"hero-content\"><\/div><\/section>\n\n\n\n<h1 class=\"wp-block-heading is-style-lead\">Equmenia Immanuel Stockholm<\/h1>\n\n\n\n<p class=\"is-style-lead\">Jesus \u00e4r herre! Det \u00e4r vad vi i <strong>Equmenia Immanuel Stockholm<\/strong> tror p\u00e5. Denna tro formar allt vi g\u00f6r.<\/p>\n\n\n\n<p class=\"is-style-lead\">Equmenia Immanuel Stockholm \u201cEIS\u201d \u00e4r en <strong>ungdomsf\u00f6rening<\/strong> som \u00e4r anf\u00f6rtrodd av Immanuelskyrkan att ta hand om ungdomsverksamheten i kyrkan.<br>V\u00e5rt m\u00e5l \u00e4r att f\u00f6ra evangelium om Jesus Kristus, fr\u00e4mja gemenskap och skapa en trygg plats f\u00f6r alla.&nbsp;<\/p>\n\n\n\n<h2 class=\"wp-block-heading is-style-lead\"><strong>Kommande h\u00e4ndelser:<\/strong><\/h2>\n\n\n\n<h3 class=\"wp-block-heading\"><strong>\u00c5rsm\u00f6te 2026<\/strong>:&nbsp;&nbsp;<\/h3>\n\n\n\n<p>Den 15 februari har EIS \u00e5rsm\u00f6te efter gudstj\u00e4nsterna. M\u00f6tet tar plats i Waldenstr\u00f6msalen i Immanuelskyrkan. P\u00e5 m\u00f6tet f\u00e5r enbart medlemmar vara med och r\u00f6sta p\u00e5 bland annat verksamhets\u00e5rets styrelse och vad f\u00f6reningen ska hitta p\u00e5 under \u00e5ret. Styrelsens uppgift \u00e4r att styra f\u00f6reningens arbete till exempel genom att planera aktiviteter och s\u00e4tta budget f\u00f6r \u00e5ret. Som medlem f\u00e5r man allts\u00e5 vara en del av och best\u00e4mma vad ungdomarna i f\u00f6reningen ska g\u00f6ra under 2026!<\/p>\n\n\n\n<p>F\u00f6r att bli medlem kan man antingen fylla i l\u00e4nken nedan(OBS! endast \u00f6ver 18 \u00e5r) eller skriva p\u00e5 en medlemsblankett om man \u00e4r under 18 som l\u00e4mnas in senast innan \u00e5rsm\u00f6tet. D\u00e5 beh\u00f6ver man v\u00e5rdnadshavares underskrift!<\/p>\n\n\n\n<p class=\"is-style-default\"><a href=\"https:\/\/forms.gle\/M9yBTY5Fino2T1e18\" target=\"_blank\" rel=\"noreferrer noopener\"><strong>BLI MEDLEM &gt;<\/strong><\/a><\/p>\n\n\n\n<div style=\"height:28px\" aria-hidden=\"true\" class=\"wp-block-spacer\"><\/div>\n\n\n\n<div class=\"wp-block-buttons is-content-justification-left is-layout-flex wp-container-core-buttons-is-layout-fc4fd283 wp-block-buttons-is-layout-flex\"><\/div>\n\n\n\n<div style=\"height:28px\" aria-hidden=\"true\" class=\"wp-block-spacer\"><\/div>\n\n\n\n<p><strong>Nuvarande styrelse<\/strong><\/p>\n\n\n\n<p><strong>Ordf\u00f6rande:&nbsp;<\/strong>Renita&nbsp;Sentongo<\/p>\n\n\n\n<p><strong>Ledam\u00f6ter:<\/strong> Sixten Tynnemark Dalemark, Dami Famuyiwa, Lidia Tekie Simon, Louise Mbiri<\/p>\n\n\n\n<p><strong>Kontakta oss:<\/strong><br><a href=\"mailto:equmenia.immanuel.stockholm@equmeniakyrkan.nu\" target=\"_blank\" rel=\"noreferrer noopener\">equmenia.immanuel.stockholm@equmeniakyrkan.nu<\/a><\/p>\n\n\n\n<div style=\"height:155px\" aria-hidden=\"true\" class=\"wp-block-spacer\"><\/div>\n","protected":false},"excerpt":{"rendered":"<p>Equmenia Immanuel Stockholm Jesus \u00e4r herre! Det \u00e4r vad vi i Equmenia Immanuel Stockholm tror p\u00e5. Denna tro formar allt vi g\u00f6r. Equmenia Immanuel Stockholm \u201cEIS\u201d \u00e4r en ungdomsf\u00f6rening som [&hellip;]<\/p>\n","protected":false},"author":83,"featured_media":6607,"parent":0,"menu_order":0,"comment_status":"closed","ping_status":"closed","template":"","meta":{"_acf_changed":false,"editor_notices":[],"footnotes":""},"class_list":["post-6606","page","type-page","status-publish","has-post-thumbnail","hentry"],"acf":[],"featured_media_data":{"id":6607,"alt":"","srcset":"https:\/\/www.immanuel.se\/ko\/wp-content\/uploads\/sites\/4\/2026\/02\/Equmenia-IMMANUEL-STHLM-Copy@1x-scaled-640x191.png 640w, https:\/\/www.immanuel.se\/ko\/wp-content\/uploads\/sites\/4\/2026\/02\/Equmenia-IMMANUEL-STHLM-Copy@1x-scaled-1200x358.png 1200w, https:\/\/www.immanuel.se\/ko\/wp-content\/uploads\/sites\/4\/2026\/02\/Equmenia-IMMANUEL-STHLM-Copy@1x-scaled-768x229.png 768w, https:\/\/www.immanuel.se\/ko\/wp-content\/uploads\/sites\/4\/2026\/02\/Equmenia-IMMANUEL-STHLM-Copy@1x-scaled-1536x458.png 1536w, https:\/\/www.immanuel.se\/ko\/wp-content\/uploads\/sites\/4\/2026\/02\/Equmenia-IMMANUEL-STHLM-Copy@1x-scaled-2048x610.png 2048w","sizes":{"thumbnail":"https:\/\/www.immanuel.se\/ko\/wp-content\/uploads\/sites\/4\/2026\/02\/Equmenia-IMMANUEL-STHLM-Copy@1x-scaled-300x300.png","medium":"https:\/\/www.immanuel.se\/ko\/wp-content\/uploads\/sites\/4\/2026\/02\/Equmenia-IMMANUEL-STHLM-Copy@1x-scaled-640x191.png","medium_large":"https:\/\/www.immanuel.se\/ko\/wp-content\/uploads\/sites\/4\/2026\/02\/Equmenia-IMMANUEL-STHLM-Copy@1x-scaled-768x229.png","large":"https:\/\/www.immanuel.se\/ko\/wp-content\/uploads\/sites\/4\/2026\/02\/Equmenia-IMMANUEL-STHLM-Copy@1x-scaled-1200x358.png","1536x1536":"https:\/\/www.immanuel.se\/ko\/wp-content\/uploads\/sites\/4\/2026\/02\/Equmenia-IMMANUEL-STHLM-Copy@1x-scaled-1536x458.png","2048x2048":"https:\/\/www.immanuel.se\/ko\/wp-content\/uploads\/sites\/4\/2026\/02\/Equmenia-IMMANUEL-STHLM-Copy@1x-scaled-2048x610.png","xlarge":"https:\/\/www.immanuel.se\/ko\/wp-content\/uploads\/sites\/4\/2026\/02\/Equmenia-IMMANUEL-STHLM-Copy@1x-scaled-2048x610.png"}},"yoast_head":"<!-- This site is optimized with the Yoast SEO plugin v27.4 - https:\/\/yoast.com\/product\/yoast-seo-wordpress\/ -->\n<title>Equmenia Immanuel Stockholm - Immanuelskyrkan<\/title>\n<meta name=\"robots\" content=\"index, follow, max-snippet:-1, max-image-preview:large, max-video-preview:-1\" \/>\n<link rel=\"canonical\" href=\"https:\/\/www.immanuel.se\/ko\/equmenia-immanuel-stockholm\/\" \/>\n<meta property=\"og:locale\" content=\"en_US\" \/>\n<meta property=\"og:type\" content=\"article\" \/>\n<meta property=\"og:title\" content=\"Equmenia Immanuel Stockholm - Immanuelskyrkan\" \/>\n<meta property=\"og:description\" content=\"Equmenia Immanuel Stockholm Jesus \u00e4r herre! Det \u00e4r vad vi i Equmenia Immanuel Stockholm tror p\u00e5. Denna tro formar allt vi g\u00f6r. Equmenia Immanuel Stockholm \u201cEIS\u201d \u00e4r en ungdomsf\u00f6rening som [&hellip;]\" \/>\n<meta property=\"og:url\" content=\"https:\/\/www.immanuel.se\/ko\/equmenia-immanuel-stockholm\/\" \/>\n<meta property=\"og:site_name\" content=\"Immanuelskyrkan\" \/>\n<meta property=\"og:image\" content=\"https:\/\/www.immanuel.se\/ko\/wp-content\/uploads\/sites\/4\/2026\/02\/Equmenia-IMMANUEL-STHLM-Copy@1x-scaled.png\" \/>\n\t<meta property=\"og:image:width\" content=\"2560\" \/>\n\t<meta property=\"og:image:height\" content=\"763\" \/>\n\t<meta property=\"og:image:type\" content=\"image\/png\" \/>\n<meta name=\"twitter:card\" content=\"summary_large_image\" \/>\n<meta name=\"twitter:label1\" content=\"Est. reading time\" \/>\n\t<meta name=\"twitter:data1\" content=\"1 minute\" \/>\n<script type=\"application\/ld+json\" class=\"yoast-schema-graph\">{\"@context\":\"https:\\\/\\\/schema.org\",\"@graph\":[{\"@type\":\"WebPage\",\"@id\":\"https:\\\/\\\/www.immanuel.se\\\/ko\\\/equmenia-immanuel-stockholm\\\/\",\"url\":\"https:\\\/\\\/www.immanuel.se\\\/ko\\\/equmenia-immanuel-stockholm\\\/\",\"name\":\"Equmenia Immanuel Stockholm - Immanuelskyrkan\",\"isPartOf\":{\"@id\":\"https:\\\/\\\/www.immanuel.se\\\/ko\\\/#website\"},\"primaryImageOfPage\":{\"@id\":\"https:\\\/\\\/www.immanuel.se\\\/ko\\\/equmenia-immanuel-stockholm\\\/#primaryimage\"},\"image\":{\"@id\":\"https:\\\/\\\/www.immanuel.se\\\/ko\\\/equmenia-immanuel-stockholm\\\/#primaryimage\"},\"thumbnailUrl\":\"https:\\\/\\\/www.immanuel.se\\\/ko\\\/wp-content\\\/uploads\\\/sites\\\/4\\\/2026\\\/02\\\/Equmenia-IMMANUEL-STHLM-Copy@1x-scaled.png\",\"datePublished\":\"2026-02-13T15:22:26+00:00\",\"breadcrumb\":{\"@id\":\"https:\\\/\\\/www.immanuel.se\\\/ko\\\/equmenia-immanuel-stockholm\\\/#breadcrumb\"},\"inLanguage\":\"en-US\",\"potentialAction\":[{\"@type\":\"ReadAction\",\"target\":[\"https:\\\/\\\/www.immanuel.se\\\/ko\\\/equmenia-immanuel-stockholm\\\/\"]}]},{\"@type\":\"ImageObject\",\"inLanguage\":\"en-US\",\"@id\":\"https:\\\/\\\/www.immanuel.se\\\/ko\\\/equmenia-immanuel-stockholm\\\/#primaryimage\",\"url\":\"https:\\\/\\\/www.immanuel.se\\\/ko\\\/wp-content\\\/uploads\\\/sites\\\/4\\\/2026\\\/02\\\/Equmenia-IMMANUEL-STHLM-Copy@1x-scaled.png\",\"contentUrl\":\"https:\\\/\\\/www.immanuel.se\\\/ko\\\/wp-content\\\/uploads\\\/sites\\\/4\\\/2026\\\/02\\\/Equmenia-IMMANUEL-STHLM-Copy@1x-scaled.png\",\"width\":2560,\"height\":763},{\"@type\":\"BreadcrumbList\",\"@id\":\"https:\\\/\\\/www.immanuel.se\\\/ko\\\/equmenia-immanuel-stockholm\\\/#breadcrumb\",\"itemListElement\":[{\"@type\":\"ListItem\",\"position\":1,\"name\":\"Hem\",\"item\":\"https:\\\/\\\/www.immanuel.se\\\/ko\\\/\"},{\"@type\":\"ListItem\",\"position\":2,\"name\":\"Equmenia Immanuel Stockholm\"}]},{\"@type\":\"WebSite\",\"@id\":\"https:\\\/\\\/www.immanuel.se\\\/ko\\\/#website\",\"url\":\"https:\\\/\\\/www.immanuel.se\\\/ko\\\/\",\"name\":\"Immanuelskyrkan\",\"description\":\"\",\"publisher\":{\"@id\":\"https:\\\/\\\/www.immanuel.se\\\/ko\\\/#organization\"},\"potentialAction\":[{\"@type\":\"SearchAction\",\"target\":{\"@type\":\"EntryPoint\",\"urlTemplate\":\"https:\\\/\\\/www.immanuel.se\\\/ko\\\/?s={search_term_string}\"},\"query-input\":{\"@type\":\"PropertyValueSpecification\",\"valueRequired\":true,\"valueName\":\"search_term_string\"}}],\"inLanguage\":\"en-US\"},{\"@type\":\"Organization\",\"@id\":\"https:\\\/\\\/www.immanuel.se\\\/ko\\\/#organization\",\"name\":\"Immanuelskyrkan\",\"url\":\"https:\\\/\\\/www.immanuel.se\\\/ko\\\/\",\"logo\":{\"@type\":\"ImageObject\",\"inLanguage\":\"en-US\",\"@id\":\"https:\\\/\\\/www.immanuel.se\\\/ko\\\/#\\\/schema\\\/logo\\\/image\\\/\",\"url\":\"https:\\\/\\\/www.immanuel.se\\\/ko\\\/wp-content\\\/uploads\\\/sites\\\/4\\\/2025\\\/01\\\/immanuelskyrkan-logo.svg\",\"contentUrl\":\"https:\\\/\\\/www.immanuel.se\\\/ko\\\/wp-content\\\/uploads\\\/sites\\\/4\\\/2025\\\/01\\\/immanuelskyrkan-logo.svg\",\"width\":170,\"height\":28,\"caption\":\"Immanuelskyrkan\"},\"image\":{\"@id\":\"https:\\\/\\\/www.immanuel.se\\\/ko\\\/#\\\/schema\\\/logo\\\/image\\\/\"}}]}<\/script>\n<!-- \/ Yoast SEO plugin. -->","yoast_head_json":{"title":"Equmenia Immanuel Stockholm - Immanuelskyrkan","robots":{"index":"index","follow":"follow","max-snippet":"max-snippet:-1","max-image-preview":"max-image-preview:large","max-video-preview":"max-video-preview:-1"},"canonical":"https:\/\/www.immanuel.se\/ko\/equmenia-immanuel-stockholm\/","og_locale":"en_US","og_type":"article","og_title":"Equmenia Immanuel Stockholm - Immanuelskyrkan","og_description":"Equmenia Immanuel Stockholm Jesus \u00e4r herre! Det \u00e4r vad vi i Equmenia Immanuel Stockholm tror p\u00e5. Denna tro formar allt vi g\u00f6r. Equmenia Immanuel Stockholm \u201cEIS\u201d \u00e4r en ungdomsf\u00f6rening som [&hellip;]","og_url":"https:\/\/www.immanuel.se\/ko\/equmenia-immanuel-stockholm\/","og_site_name":"Immanuelskyrkan","og_image":[{"width":2560,"height":763,"url":"https:\/\/www.immanuel.se\/ko\/wp-content\/uploads\/sites\/4\/2026\/02\/Equmenia-IMMANUEL-STHLM-Copy@1x-scaled.png","type":"image\/png"}],"twitter_card":"summary_large_image","twitter_misc":{"Est. reading time":"1 minute"},"schema":{"@context":"https:\/\/schema.org","@graph":[{"@type":"WebPage","@id":"https:\/\/www.immanuel.se\/ko\/equmenia-immanuel-stockholm\/","url":"https:\/\/www.immanuel.se\/ko\/equmenia-immanuel-stockholm\/","name":"Equmenia Immanuel Stockholm - Immanuelskyrkan","isPartOf":{"@id":"https:\/\/www.immanuel.se\/ko\/#website"},"primaryImageOfPage":{"@id":"https:\/\/www.immanuel.se\/ko\/equmenia-immanuel-stockholm\/#primaryimage"},"image":{"@id":"https:\/\/www.immanuel.se\/ko\/equmenia-immanuel-stockholm\/#primaryimage"},"thumbnailUrl":"https:\/\/www.immanuel.se\/ko\/wp-content\/uploads\/sites\/4\/2026\/02\/Equmenia-IMMANUEL-STHLM-Copy@1x-scaled.png","datePublished":"2026-02-13T15:22:26+00:00","breadcrumb":{"@id":"https:\/\/www.immanuel.se\/ko\/equmenia-immanuel-stockholm\/#breadcrumb"},"inLanguage":"en-US","potentialAction":[{"@type":"ReadAction","target":["https:\/\/www.immanuel.se\/ko\/equmenia-immanuel-stockholm\/"]}]},{"@type":"ImageObject","inLanguage":"en-US","@id":"https:\/\/www.immanuel.se\/ko\/equmenia-immanuel-stockholm\/#primaryimage","url":"https:\/\/www.immanuel.se\/ko\/wp-content\/uploads\/sites\/4\/2026\/02\/Equmenia-IMMANUEL-STHLM-Copy@1x-scaled.png","contentUrl":"https:\/\/www.immanuel.se\/ko\/wp-content\/uploads\/sites\/4\/2026\/02\/Equmenia-IMMANUEL-STHLM-Copy@1x-scaled.png","width":2560,"height":763},{"@type":"BreadcrumbList","@id":"https:\/\/www.immanuel.se\/ko\/equmenia-immanuel-stockholm\/#breadcrumb","itemListElement":[{"@type":"ListItem","position":1,"name":"Hem","item":"https:\/\/www.immanuel.se\/ko\/"},{"@type":"ListItem","position":2,"name":"Equmenia Immanuel Stockholm"}]},{"@type":"WebSite","@id":"https:\/\/www.immanuel.se\/ko\/#website","url":"https:\/\/www.immanuel.se\/ko\/","name":"Immanuelskyrkan","description":"","publisher":{"@id":"https:\/\/www.immanuel.se\/ko\/#organization"},"potentialAction":[{"@type":"SearchAction","target":{"@type":"EntryPoint","urlTemplate":"https:\/\/www.immanuel.se\/ko\/?s={search_term_string}"},"query-input":{"@type":"PropertyValueSpecification","valueRequired":true,"valueName":"search_term_string"}}],"inLanguage":"en-US"},{"@type":"Organization","@id":"https:\/\/www.immanuel.se\/ko\/#organization","name":"Immanuelskyrkan","url":"https:\/\/www.immanuel.se\/ko\/","logo":{"@type":"ImageObject","inLanguage":"en-US","@id":"https:\/\/www.immanuel.se\/ko\/#\/schema\/logo\/image\/","url":"https:\/\/www.immanuel.se\/ko\/wp-content\/uploads\/sites\/4\/2025\/01\/immanuelskyrkan-logo.svg","contentUrl":"https:\/\/www.immanuel.se\/ko\/wp-content\/uploads\/sites\/4\/2025\/01\/immanuelskyrkan-logo.svg","width":170,"height":28,"caption":"Immanuelskyrkan"},"image":{"@id":"https:\/\/www.immanuel.se\/ko\/#\/schema\/logo\/image\/"}}]}},"_links":{"self":[{"href":"https:\/\/www.immanuel.se\/ko\/wp-json\/wp\/v2\/pages\/6606","targetHints":{"allow":["GET"]}}],"collection":[{"href":"https:\/\/www.immanuel.se\/ko\/wp-json\/wp\/v2\/pages"}],"about":[{"href":"https:\/\/www.immanuel.se\/ko\/wp-json\/wp\/v2\/types\/page"}],"author":[{"embeddable":true,"href":"https:\/\/www.immanuel.se\/ko\/wp-json\/wp\/v2\/users\/83"}],"replies":[{"embeddable":true,"href":"https:\/\/www.immanuel.se\/ko\/wp-json\/wp\/v2\/comments?post=6606"}],"version-history":[{"count":1,"href":"https:\/\/www.immanuel.se\/ko\/wp-json\/wp\/v2\/pages\/6606\/revisions"}],"predecessor-version":[{"id":6608,"href":"https:\/\/www.immanuel.se\/ko\/wp-json\/wp\/v2\/pages\/6606\/revisions\/6608"}],"wp:featuredmedia":[{"embeddable":true,"href":"https:\/\/www.immanuel.se\/ko\/wp-json\/wp\/v2\/media\/6607"}],"wp:attachment":[{"href":"https:\/\/www.immanuel.se\/ko\/wp-json\/wp\/v2\/media?parent=6606"}],"curies":[{"name":"wp","href":"https:\/\/api.w.org\/{rel}","templated":true}]}}