{"id":18110,"date":"2025-08-25T14:15:26","date_gmt":"2025-08-25T12:15:26","guid":{"rendered":"https:\/\/www.immanuel.se\/en\/calendar\/lunch-concert-15\/"},"modified":"2026-04-29T12:15:47","modified_gmt":"2026-04-29T10:15:47","slug":"lunch-concert-15","status":"publish","type":"tribe_events","link":"https:\/\/www.immanuel.se\/en\/calendar\/lunch-concert-15\/","title":{"rendered":"Concert Uppsala Academic Chamber Choir"},"content":{"rendered":"<p>R\u00f6ster ur m\u00f6rkret: pr\u00f6vning, l\u00e4ngtan, hopp<\/p>\n<p>P\u00e5 doms\u00f6ndagens kv\u00e4ll f\u00e5r vi samlas f\u00f6r en stund av eftertanke kring helgens texter och teman. Den h\u00e4r s\u00f6ndagen handlar om att tiden \u00e4r begr\u00e4nsad, men ocks\u00e5 om att det finns en framtid bortom den h\u00e4r tiden och bortom den v\u00e4rld vi k\u00e4nner till. Hoppet lever genom allt.<\/p>\n<p>Musik fr\u00e5n fem sekler av Palestrina, Ginastera, Mendelssohn, M\u00e4ntyj\u00e4rvi, Parry och Sandstr\u00f6m<\/p>\n<p>Uppsala Akademiska Kammark\u00f6r<br \/>\nRebecka Gustafsson, dirigent<br \/>\nFri entr\u00e9! <\/p>\n","protected":false},"excerpt":{"rendered":"<p>R\u00f6ster ur m\u00f6rkret: pr\u00f6vning, l\u00e4ngtan, hopp P\u00e5 doms\u00f6ndagens kv\u00e4ll f\u00e5r vi samlas f\u00f6r en stund av eftertanke kring helgens texter och teman. Den h\u00e4r s\u00f6ndagen handlar om att tiden \u00e4r [&hellip;]<\/p>\n","protected":false},"author":0,"featured_media":0,"template":"","meta":{"_acf_changed":false,"page_specific_styles":"","episode_type":"","audio_file":"","podmotor_file_id":"","podmotor_episode_id":"","cover_image":"","cover_image_id":"","duration":"","filesize":"","filesize_raw":"","date_recorded":"","explicit":"","block":"","itunes_episode_number":"","itunes_title":"","itunes_season_number":"","itunes_episode_type":"","_tribe_events_status":"","_tribe_events_status_reason":"","editor_notices":[],"_tribe_events_is_hybrid":"","_tribe_events_is_virtual":"","_tribe_events_virtual_video_source":"","_tribe_events_virtual_embed_video":"","_tribe_events_virtual_linked_button_text":"","_tribe_events_virtual_linked_button":"","_tribe_events_virtual_show_embed_at":"","_tribe_events_virtual_show_embed_to":[],"_tribe_events_virtual_show_on_event":"","_tribe_events_virtual_show_on_views":"","_tribe_events_virtual_url":"","footnotes":""},"tags":[],"tribe_events_cat":[],"class_list":["post-18110","tribe_events","type-tribe_events","status-publish","hentry"],"acf":[],"yoast_head":"<!-- This site is optimized with the Yoast SEO plugin v27.4 - https:\/\/yoast.com\/product\/yoast-seo-wordpress\/ -->\n<title>Concert Uppsala Academic Chamber Choir - Immanuel Church<\/title>\n<meta name=\"robots\" content=\"index, follow, max-snippet:-1, max-image-preview:large, max-video-preview:-1\" \/>\n<link rel=\"canonical\" href=\"https:\/\/www.immanuel.se\/en\/calendar\/lunch-concert-15\/\" \/>\n<meta property=\"og:locale\" content=\"en_US\" \/>\n<meta property=\"og:type\" content=\"article\" \/>\n<meta property=\"og:title\" content=\"Concert Uppsala Academic Chamber Choir - Immanuel Church\" \/>\n<meta property=\"og:description\" content=\"R\u00f6ster ur m\u00f6rkret: pr\u00f6vning, l\u00e4ngtan, hopp P\u00e5 doms\u00f6ndagens kv\u00e4ll f\u00e5r vi samlas f\u00f6r en stund av eftertanke kring helgens texter och teman. Den h\u00e4r s\u00f6ndagen handlar om att tiden \u00e4r [&hellip;]\" \/>\n<meta property=\"og:url\" content=\"https:\/\/www.immanuel.se\/en\/calendar\/lunch-concert-15\/\" \/>\n<meta property=\"og:site_name\" content=\"Immanuel Church\" \/>\n<meta property=\"article:modified_time\" content=\"2026-04-29T10:15:47+00:00\" \/>\n<meta name=\"twitter:card\" content=\"summary_large_image\" \/>\n<script type=\"application\/ld+json\" class=\"yoast-schema-graph\">{\"@context\":\"https:\\\/\\\/schema.org\",\"@graph\":[{\"@type\":\"WebPage\",\"@id\":\"https:\\\/\\\/www.immanuel.se\\\/en\\\/calendar\\\/lunch-concert-15\\\/\",\"url\":\"https:\\\/\\\/www.immanuel.se\\\/en\\\/calendar\\\/lunch-concert-15\\\/\",\"name\":\"Concert Uppsala Academic Chamber Choir - Immanuel Church\",\"isPartOf\":{\"@id\":\"https:\\\/\\\/www.immanuel.se\\\/en\\\/#website\"},\"datePublished\":\"2025-08-25T12:15:26+00:00\",\"dateModified\":\"2026-04-29T10:15:47+00:00\",\"breadcrumb\":{\"@id\":\"https:\\\/\\\/www.immanuel.se\\\/en\\\/calendar\\\/lunch-concert-15\\\/#breadcrumb\"},\"inLanguage\":\"en-US\",\"potentialAction\":[{\"@type\":\"ReadAction\",\"target\":[\"https:\\\/\\\/www.immanuel.se\\\/en\\\/calendar\\\/lunch-concert-15\\\/\"]}]},{\"@type\":\"BreadcrumbList\",\"@id\":\"https:\\\/\\\/www.immanuel.se\\\/en\\\/calendar\\\/lunch-concert-15\\\/#breadcrumb\",\"itemListElement\":[{\"@type\":\"ListItem\",\"position\":1,\"name\":\"Home\",\"item\":\"https:\\\/\\\/www.immanuel.se\\\/en\\\/\"},{\"@type\":\"ListItem\",\"position\":2,\"name\":\"Events\",\"item\":\"https:\\\/\\\/www.immanuel.se\\\/en\\\/calendar\\\/\"},{\"@type\":\"ListItem\",\"position\":3,\"name\":\"Lunch Concert\"}]},{\"@type\":\"WebSite\",\"@id\":\"https:\\\/\\\/www.immanuel.se\\\/en\\\/#website\",\"url\":\"https:\\\/\\\/www.immanuel.se\\\/en\\\/\",\"name\":\"Immanuel Church\",\"description\":\"\",\"publisher\":{\"@id\":\"https:\\\/\\\/www.immanuel.se\\\/en\\\/#organization\"},\"potentialAction\":[{\"@type\":\"SearchAction\",\"target\":{\"@type\":\"EntryPoint\",\"urlTemplate\":\"https:\\\/\\\/www.immanuel.se\\\/en\\\/?s={search_term_string}\"},\"query-input\":{\"@type\":\"PropertyValueSpecification\",\"valueRequired\":true,\"valueName\":\"search_term_string\"}}],\"inLanguage\":\"en-US\"},{\"@type\":\"Organization\",\"@id\":\"https:\\\/\\\/www.immanuel.se\\\/en\\\/#organization\",\"name\":\"Immanuel Church\",\"url\":\"https:\\\/\\\/www.immanuel.se\\\/en\\\/\",\"logo\":{\"@type\":\"ImageObject\",\"inLanguage\":\"en-US\",\"@id\":\"https:\\\/\\\/www.immanuel.se\\\/en\\\/#\\\/schema\\\/logo\\\/image\\\/\",\"url\":\"https:\\\/\\\/www.immanuel.se\\\/en\\\/wp-content\\\/uploads\\\/sites\\\/2\\\/2020\\\/09\\\/immanuelskyrkan-logo.svg\",\"contentUrl\":\"https:\\\/\\\/www.immanuel.se\\\/en\\\/wp-content\\\/uploads\\\/sites\\\/2\\\/2020\\\/09\\\/immanuelskyrkan-logo.svg\",\"width\":170,\"height\":28,\"caption\":\"Immanuel Church\"},\"image\":{\"@id\":\"https:\\\/\\\/www.immanuel.se\\\/en\\\/#\\\/schema\\\/logo\\\/image\\\/\"}}]}<\/script>\n<!-- \/ Yoast SEO plugin. -->","yoast_head_json":{"title":"Concert Uppsala Academic Chamber Choir - Immanuel Church","robots":{"index":"index","follow":"follow","max-snippet":"max-snippet:-1","max-image-preview":"max-image-preview:large","max-video-preview":"max-video-preview:-1"},"canonical":"https:\/\/www.immanuel.se\/en\/calendar\/lunch-concert-15\/","og_locale":"en_US","og_type":"article","og_title":"Concert Uppsala Academic Chamber Choir - Immanuel Church","og_description":"R\u00f6ster ur m\u00f6rkret: pr\u00f6vning, l\u00e4ngtan, hopp P\u00e5 doms\u00f6ndagens kv\u00e4ll f\u00e5r vi samlas f\u00f6r en stund av eftertanke kring helgens texter och teman. Den h\u00e4r s\u00f6ndagen handlar om att tiden \u00e4r [&hellip;]","og_url":"https:\/\/www.immanuel.se\/en\/calendar\/lunch-concert-15\/","og_site_name":"Immanuel Church","article_modified_time":"2026-04-29T10:15:47+00:00","twitter_card":"summary_large_image","schema":{"@context":"https:\/\/schema.org","@graph":[{"@type":"WebPage","@id":"https:\/\/www.immanuel.se\/en\/calendar\/lunch-concert-15\/","url":"https:\/\/www.immanuel.se\/en\/calendar\/lunch-concert-15\/","name":"Concert Uppsala Academic Chamber Choir - Immanuel Church","isPartOf":{"@id":"https:\/\/www.immanuel.se\/en\/#website"},"datePublished":"2025-08-25T12:15:26+00:00","dateModified":"2026-04-29T10:15:47+00:00","breadcrumb":{"@id":"https:\/\/www.immanuel.se\/en\/calendar\/lunch-concert-15\/#breadcrumb"},"inLanguage":"en-US","potentialAction":[{"@type":"ReadAction","target":["https:\/\/www.immanuel.se\/en\/calendar\/lunch-concert-15\/"]}]},{"@type":"BreadcrumbList","@id":"https:\/\/www.immanuel.se\/en\/calendar\/lunch-concert-15\/#breadcrumb","itemListElement":[{"@type":"ListItem","position":1,"name":"Home","item":"https:\/\/www.immanuel.se\/en\/"},{"@type":"ListItem","position":2,"name":"Events","item":"https:\/\/www.immanuel.se\/en\/calendar\/"},{"@type":"ListItem","position":3,"name":"Lunch Concert"}]},{"@type":"WebSite","@id":"https:\/\/www.immanuel.se\/en\/#website","url":"https:\/\/www.immanuel.se\/en\/","name":"Immanuel Church","description":"","publisher":{"@id":"https:\/\/www.immanuel.se\/en\/#organization"},"potentialAction":[{"@type":"SearchAction","target":{"@type":"EntryPoint","urlTemplate":"https:\/\/www.immanuel.se\/en\/?s={search_term_string}"},"query-input":{"@type":"PropertyValueSpecification","valueRequired":true,"valueName":"search_term_string"}}],"inLanguage":"en-US"},{"@type":"Organization","@id":"https:\/\/www.immanuel.se\/en\/#organization","name":"Immanuel Church","url":"https:\/\/www.immanuel.se\/en\/","logo":{"@type":"ImageObject","inLanguage":"en-US","@id":"https:\/\/www.immanuel.se\/en\/#\/schema\/logo\/image\/","url":"https:\/\/www.immanuel.se\/en\/wp-content\/uploads\/sites\/2\/2020\/09\/immanuelskyrkan-logo.svg","contentUrl":"https:\/\/www.immanuel.se\/en\/wp-content\/uploads\/sites\/2\/2020\/09\/immanuelskyrkan-logo.svg","width":170,"height":28,"caption":"Immanuel Church"},"image":{"@id":"https:\/\/www.immanuel.se\/en\/#\/schema\/logo\/image\/"}}]}},"_links":{"self":[{"href":"https:\/\/www.immanuel.se\/en\/wp-json\/wp\/v2\/tribe_events\/18110","targetHints":{"allow":["GET"]}}],"collection":[{"href":"https:\/\/www.immanuel.se\/en\/wp-json\/wp\/v2\/tribe_events"}],"about":[{"href":"https:\/\/www.immanuel.se\/en\/wp-json\/wp\/v2\/types\/tribe_events"}],"version-history":[{"count":5,"href":"https:\/\/www.immanuel.se\/en\/wp-json\/wp\/v2\/tribe_events\/18110\/revisions"}],"predecessor-version":[{"id":20375,"href":"https:\/\/www.immanuel.se\/en\/wp-json\/wp\/v2\/tribe_events\/18110\/revisions\/20375"}],"wp:attachment":[{"href":"https:\/\/www.immanuel.se\/en\/wp-json\/wp\/v2\/media?parent=18110"}],"wp:term":[{"taxonomy":"post_tag","embeddable":true,"href":"https:\/\/www.immanuel.se\/en\/wp-json\/wp\/v2\/tags?post=18110"},{"taxonomy":"tribe_events_cat","embeddable":true,"href":"https:\/\/www.immanuel.se\/en\/wp-json\/wp\/v2\/tribe_events_cat?post=18110"}],"curies":[{"name":"wp","href":"https:\/\/api.w.org\/{rel}","templated":true}]}}